{"id":19,"date":"2014-12-10T18:51:27","date_gmt":"2014-12-10T17:51:27","guid":{"rendered":"http:\/\/eurotender.hu\/?page_id=19"},"modified":"2025-04-15T12:37:57","modified_gmt":"2025-04-15T11:37:57","slug":"palyazataink","status":"publish","type":"page","link":"https:\/\/eurotender.hu\/?page_id=19","title":{"rendered":"P\u00e1ly\u00e1zataink"},"content":{"rendered":"<table style=\"height: 1817px;\" width=\"1277\">\r\n<tbody>\r\n<tr>\r\n<td><a href=\"https:\/\/eurotender.hu\/wp-content\/uploads\/2019\/09\/sz2020.jpg\" rel=\"attachment wp-att-138\"><img loading=\"lazy\" decoding=\"async\" class=\"alignnone size-medium wp-image-138\" src=\"https:\/\/eurotender.hu\/wp-content\/uploads\/2019\/09\/sz2020.jpg\" alt=\"EU flag-Erasmus+_vect_POS\" width=\"300\" height=\"85\" \/><\/a><\/td>\r\n<td>\r\n<p style=\"font-weight: 400;\"><strong>P\u00e1ly\u00e1z\u00f3 neve: D\u00e9l-alf\u00f6ldi Eurotender, Ifj\u00fas\u00e1gi, Kultur\u00e1lis, Oktat\u00e1si \u00e9s K\u00f6rnyezetv\u00e9delmi Egyes\u00fclet<\/strong><\/p>\r\n<p style=\"font-weight: 400;\"><strong>Projekt c\u00edme: &#8222;T\u00c9RL\u00c1T\u00c1S&#8221; &#8211; az els\u0151 t\u00f6bbfunkci\u00f3s k\u00f6z\u00f6ss\u00e9gi iroda \u00e9s rendezv\u00e9nyt\u00e9r l\u00e9trehoz\u00e1sa Szegeden<\/strong><\/p>\r\n<p style=\"font-weight: 400;\"><strong>Szerz\u0151d\u00e9s sz\u00e1ma: GINOP-5.1.3-16-2017-00128<\/strong><\/p>\r\n<p style=\"font-weight: 400;\"><strong>T\u00e1mogat\u00e1s \u00f6sszege (Ft): 49 795 240<\/strong><\/p>\r\n<p style=\"font-weight: 400;\"><strong>\u00d6sszk\u00f6lts\u00e9g (Ft): 51 095\u00a0240<\/strong><\/p>\r\n<p style=\"font-weight: 400;\"><strong>T\u00e1mogat\u00e1s intenzit\u00e1sa: 97,46 %<\/strong><\/p>\r\n<p style=\"font-weight: 400;\"><strong>A projekt megval\u00f3s\u00edt\u00e1s\u00e1nak kezdete: 2018.05.01.<\/strong><\/p>\r\n<p style=\"font-weight: 400;\"><strong>A projekt\u00a0<u>t\u00e9nyleges<\/u>\u00a0befejez\u00e9s\u00e9nek d\u00e1tuma: 2020.07.29.<\/strong><\/p>\r\n<p style=\"font-weight: 400;\"><strong>A projekt tartalm\u00e1nak bemutat\u00e1sa:\u00a0<\/strong><\/p>\r\nProgramunk, hogy els\u0151dleges c\u00e9lcsoportk\u00e9nt a 20-25 \u00e9ves, fels\u0151fok\u00fa tanulm\u00e1nyokat v\u00e9gz\u0151 vagy befejez\u0151 koroszt\u00e1ly munkav\u00e1llal\u00f3i \u00e9s v\u00e1llalkoz\u00f3i \u00e9rv\u00e9nyes\u00fcl\u00e9s\u00e9t t\u00e1mogassuk, innovat\u00edv \u00e9s a j\u00f3 p\u00e9ld\u00e1kat ad\u00f3 helyen tapasztalatot szerezzenek, szinergi\u00e1kban \u00e9s akt\u00edv r\u00e9sztvev\u0151k\u00e9nt m\u0171k\u00f6djenek. K\u00f6z\u00f6ss\u00e9gi irod\u00e1t hozzunk l\u00e9tre, mely a digit\u00e1lis \u00edr\u00e1stud\u00e1s, az interdiszciplin\u00e1ris egy\u00fcttm\u0171k\u00f6d\u00e9s elsaj\u00e1t\u00edt\u00e1s\u00e1hoz \u00e9s saj\u00e1t lehet\u0151s\u00e9geik felt\u00e1r\u00e1s\u00e1hoz ad t\u00e1mogat\u00e1st, valamint a start-up kult\u00fara k\u00f6zpontj\u00e1v\u00e1 is v\u00e1ljon.\r\n<p style=\"font-weight: 400;\"><strong>\u00a0<\/strong><\/p>\r\n<b>A projekt a Magyar \u00c1llam t\u00e1mogat\u00e1s\u00e1val, az Eur\u00f3pai Uni\u00f3 t\u00e1rsfinansz\u00edroz\u00e1s\u00e1val val\u00f3sult meg.<\/b><\/td>\r\n<\/tr>\r\n<tr>\r\n<td><a href=\"https:\/\/eurotender.hu\/wp-content\/uploads\/2016\/03\/EU-flag-Erasmus-_vect_POS.jpg\" rel=\"attachment wp-att-138\"><img loading=\"lazy\" decoding=\"async\" class=\"alignnone size-medium wp-image-138\" src=\"https:\/\/eurotender.hu\/wp-content\/uploads\/2016\/03\/EU-flag-Erasmus-_vect_POS-300x85.jpg\" alt=\"EU flag-Erasmus+_vect_POS\" width=\"300\" height=\"85\" srcset=\"https:\/\/eurotender.hu\/wp-content\/uploads\/2016\/03\/EU-flag-Erasmus-_vect_POS-300x85.jpg 300w, https:\/\/eurotender.hu\/wp-content\/uploads\/2016\/03\/EU-flag-Erasmus-_vect_POS-1024x292.jpg 1024w, https:\/\/eurotender.hu\/wp-content\/uploads\/2016\/03\/EU-flag-Erasmus-_vect_POS.jpg 1600w\" sizes=\"auto, (max-width: 300px) 100vw, 300px\" \/><\/a><\/td>\r\n<td>\r\n<p style=\"text-align: left;\">Projekt c\u00edme: <strong>Pay it Forward<\/strong><\/p>\r\n<p style=\"text-align: left;\">Projekt azonos\u00edt\u00f3 sz\u00e1ma: <strong>2015-3-HU02-KA105-001335<\/strong><\/p>\r\n<p style=\"text-align: left;\">Projekt k\u00f6lts\u00e9gvet\u00e9se: <strong>\u20ac9.696<\/strong><\/p>\r\n<p style=\"text-align: left;\">Projektid\u0151szak: <strong>2016.04.01. \u2013 2016.09.30<\/strong><\/p>\r\n<\/td>\r\n<\/tr>\r\n<tr>\r\n<td><a href=\"https:\/\/eurotender.hu\/wp-content\/uploads\/2016\/03\/EU-flag-Erasmus-_vect_POS.jpg\" rel=\"attachment wp-att-138\"><img loading=\"lazy\" decoding=\"async\" class=\"alignnone size-medium wp-image-138\" src=\"https:\/\/eurotender.hu\/wp-content\/uploads\/2016\/03\/EU-flag-Erasmus-_vect_POS-300x85.jpg\" alt=\"EU flag-Erasmus+_vect_POS\" width=\"300\" height=\"85\" srcset=\"https:\/\/eurotender.hu\/wp-content\/uploads\/2016\/03\/EU-flag-Erasmus-_vect_POS-300x85.jpg 300w, https:\/\/eurotender.hu\/wp-content\/uploads\/2016\/03\/EU-flag-Erasmus-_vect_POS-1024x292.jpg 1024w, https:\/\/eurotender.hu\/wp-content\/uploads\/2016\/03\/EU-flag-Erasmus-_vect_POS.jpg 1600w\" sizes=\"auto, (max-width: 300px) 100vw, 300px\" \/><\/a><\/td>\r\n<td style=\"text-align: left;\">Projekt c\u00edme: <strong>Mentor(ed) \u2013 aspects of intercultural partnerships\r\n<\/strong>Projekt azonos\u00edt\u00f3 sz\u00e1ma: <strong>2015-2-HU02-KA105-000989\r\n<\/strong>Projekt k\u00f6lts\u00e9gvet\u00e9se: <strong>\u20ac19.130\r\n<\/strong>Projektid\u0151szak: <strong>2015.09.01. \u2013 2016.05.01\r\n<\/strong>Projekt weboldala: <strong><a href=\"https:\/\/getinvolvedsite.wordpress.com\/\">https:\/\/getinvolvedsite.wordpress.co<\/a><\/strong><\/td>\r\n<\/tr>\r\n<tr>\r\n<td><a href=\"https:\/\/eurotender.hu\/wp-content\/uploads\/2016\/03\/b_pageo_ff_hu.png\" rel=\"attachment wp-att-153\"><img loading=\"lazy\" decoding=\"async\" class=\"alignnone size-medium wp-image-153\" src=\"https:\/\/eurotender.hu\/wp-content\/uploads\/2016\/03\/b_pageo_ff_hu-300x212.png\" alt=\"b_pageo_ff_hu\" width=\"300\" height=\"212\" srcset=\"https:\/\/eurotender.hu\/wp-content\/uploads\/2016\/03\/b_pageo_ff_hu-300x212.png 300w, https:\/\/eurotender.hu\/wp-content\/uploads\/2016\/03\/b_pageo_ff_hu-768x542.png 768w, https:\/\/eurotender.hu\/wp-content\/uploads\/2016\/03\/b_pageo_ff_hu-1024x723.png 1024w\" sizes=\"auto, (max-width: 300px) 100vw, 300px\" \/><\/a><\/td>\r\n<td style=\"text-align: left;\">Projekt c\u00edme: <strong>Az \u00e9letvitelszer\u0171en k\u00fclf\u00f6ld\u00f6n tart\u00f3zkod\u00f3 magyar fiatalok munkav\u00e1llal\u00e1si \u00e9s migr\u00e1ci\u00f3s strat\u00e9gi\u00e1i\r\n<\/strong>Projekt azonos\u00edt\u00f3 sz\u00e1ma: <strong>PAGEO\/TSZ\/2015\/57\r\n<\/strong>Projekt k\u00f6lts\u00e9gvet\u00e9se: <strong>6.605.000 Ft\r\n<\/strong>Projektid\u0151szak: <strong>2015.08.01. \u2013 2016.02.29<\/strong><\/td>\r\n<\/tr>\r\n<tr>\r\n<td><a href=\"https:\/\/eurotender.hu\/wp-content\/uploads\/2015\/01\/husrb.jpg\" rel=\"attachment wp-att-79\"><img loading=\"lazy\" decoding=\"async\" class=\"alignnone size-medium wp-image-79\" src=\"https:\/\/eurotender.hu\/wp-content\/uploads\/2015\/01\/husrb-300x136.jpg\" alt=\"husrb\" width=\"300\" height=\"136\" srcset=\"https:\/\/eurotender.hu\/wp-content\/uploads\/2015\/01\/husrb-300x136.jpg 300w, https:\/\/eurotender.hu\/wp-content\/uploads\/2015\/01\/husrb.jpg 447w\" sizes=\"auto, (max-width: 300px) 100vw, 300px\" \/><\/a><\/td>\r\n<td style=\"text-align: left;\">Projekt c\u00edme: <strong>Borderland Area COoking Network \u2013 BACON\r\n<\/strong>Projekt azonos\u00edt\u00f3 sz\u00e1ma: <strong>HUSRB\/1203\/222\/104\r\n<\/strong>Projekt k\u00f6lts\u00e9gvet\u00e9se: <strong>\u20ac103.100\r\n<\/strong>Projektid\u0151szak: <strong>2013.01.01-2013.12.31<\/strong><\/td>\r\n<\/tr>\r\n<tr>\r\n<td><a href=\"https:\/\/eurotender.hu\/wp-content\/uploads\/2014\/12\/nea_logo.png\" rel=\"attachment wp-att-206\"><img loading=\"lazy\" decoding=\"async\" class=\"alignnone size-medium wp-image-206\" src=\"https:\/\/eurotender.hu\/wp-content\/uploads\/2014\/12\/nea_logo-300x115.png\" alt=\"nea_logo\" width=\"300\" height=\"115\" srcset=\"https:\/\/eurotender.hu\/wp-content\/uploads\/2014\/12\/nea_logo-300x115.png 300w, https:\/\/eurotender.hu\/wp-content\/uploads\/2014\/12\/nea_logo-768x295.png 768w, https:\/\/eurotender.hu\/wp-content\/uploads\/2014\/12\/nea_logo-1024x393.png 1024w, https:\/\/eurotender.hu\/wp-content\/uploads\/2014\/12\/nea_logo.png 1356w\" sizes=\"auto, (max-width: 300px) 100vw, 300px\" \/><\/a><\/td>\r\n<td style=\"text-align: left;\">Projekt c\u00edme:<strong> M\u0171k\u00f6d\u00e9si t\u00e1mogat\u00e1s\r\n<\/strong>Projekt azonos\u00edt\u00f3 sz\u00e1ma: <strong>NEA-KK-13-M-0931\r\n<\/strong>Projekt k\u00f6lts\u00e9gvet\u00e9se: <strong>850. 000 Ft\r\n<\/strong>Projektid\u0151szak: <strong>2013.03.21.- 2014.03.20<\/strong>.<\/td>\r\n<\/tr>\r\n<tr>\r\n<td><a href=\"https:\/\/eurotender.hu\/wp-content\/uploads\/2014\/12\/nea_logo.png\" rel=\"attachment wp-att-206\"><img loading=\"lazy\" decoding=\"async\" class=\"alignnone size-medium wp-image-206\" src=\"https:\/\/eurotender.hu\/wp-content\/uploads\/2014\/12\/nea_logo-300x115.png\" alt=\"nea_logo\" width=\"300\" height=\"115\" srcset=\"https:\/\/eurotender.hu\/wp-content\/uploads\/2014\/12\/nea_logo-300x115.png 300w, https:\/\/eurotender.hu\/wp-content\/uploads\/2014\/12\/nea_logo-768x295.png 768w, https:\/\/eurotender.hu\/wp-content\/uploads\/2014\/12\/nea_logo-1024x393.png 1024w, https:\/\/eurotender.hu\/wp-content\/uploads\/2014\/12\/nea_logo.png 1356w\" sizes=\"auto, (max-width: 300px) 100vw, 300px\" \/><\/a><\/td>\r\n<td style=\"text-align: left;\">Projekt c\u00edme:<strong> M\u0171k\u00f6d\u00e9si t\u00e1mogat\u00e1s\r\n<\/strong>Projekt azonos\u00edt\u00f3 sz\u00e1ma: <strong>NEA-KK-12-M-0415\r\n<\/strong>Projekt k\u00f6lts\u00e9gvet\u00e9se: <strong>300. 000 Ft\r\n<\/strong>Projektid\u0151szak: <strong>2012.07.01.- 2013.02.28.<\/strong><\/td>\r\n<\/tr>\r\n<tr>\r\n<td><a href=\"https:\/\/eurotender.hu\/wp-content\/uploads\/2015\/01\/eu_flag_europe_for_citizens_en.jpg\" rel=\"attachment wp-att-102\"><img loading=\"lazy\" decoding=\"async\" class=\"alignnone size-medium wp-image-102\" src=\"https:\/\/eurotender.hu\/wp-content\/uploads\/2015\/01\/eu_flag_europe_for_citizens_en-300x110.jpg\" alt=\"eu_flag_europe_for_citizens_en\" width=\"300\" height=\"110\" srcset=\"https:\/\/eurotender.hu\/wp-content\/uploads\/2015\/01\/eu_flag_europe_for_citizens_en-300x110.jpg 300w, https:\/\/eurotender.hu\/wp-content\/uploads\/2015\/01\/eu_flag_europe_for_citizens_en-1024x376.jpg 1024w\" sizes=\"auto, (max-width: 300px) 100vw, 300px\" \/><\/a><\/td>\r\n<td style=\"text-align: left;\">Projekt c\u00edme: <strong>A R\u00e9gi\u00f3k Eur\u00f3p\u00e1j\u00e1t\u00f3l a Lisszaboni Szerz\u0151d\u00e9sig \u2013 v\u00e1ltoz\u00f3 polg\u00e1rs\u00e1g az Eur\u00f3pai Uni\u00f3ban\r\n<\/strong>Projekt azonos\u00edt\u00f3 sz\u00e1ma: <strong>509542-EFC-1-2010-1-HU-EFC-CSP\r\n<\/strong>Projekt k\u00f6lts\u00e9gvet\u00e9se: <strong>\u20ac24.698\r\n<\/strong>Projektid\u0151szak: <strong>2010.09.01-2011.04.30<\/strong><\/td>\r\n<\/tr>\r\n<tr>\r\n<td><a href=\"https:\/\/eurotender.hu\/wp-content\/uploads\/2015\/01\/annalindhlogo.jpg\" rel=\"attachment wp-att-81\"><img loading=\"lazy\" decoding=\"async\" class=\"alignnone size-full wp-image-81\" src=\"https:\/\/eurotender.hu\/wp-content\/uploads\/2015\/01\/annalindhlogo.jpg\" alt=\"annalindhlogo\" width=\"108\" height=\"132\" \/><\/a><\/td>\r\n<td style=\"text-align: left;\">Projekt c\u00edme: <strong>Restore Trust, Rebuild Bridges Between Roma and Hungarian Pupils\r\n<\/strong>Projekt k\u00f6lts\u00e9gvet\u00e9se: <strong>\u20ac1530\r\n<\/strong>Projektid\u0151szak: <strong>2009.09.02-2009.09.03<\/strong><\/td>\r\n<\/tr>\r\n<tr>\r\n<td><a href=\"https:\/\/eurotender.hu\/wp-content\/uploads\/2015\/01\/ncalogo.jpg\" rel=\"attachment wp-att-80\"><img loading=\"lazy\" decoding=\"async\" class=\"alignnone size-medium wp-image-80\" src=\"https:\/\/eurotender.hu\/wp-content\/uploads\/2015\/01\/ncalogo-300x126.jpg\" alt=\"ncalogo\" width=\"300\" height=\"126\" srcset=\"https:\/\/eurotender.hu\/wp-content\/uploads\/2015\/01\/ncalogo-300x126.jpg 300w, https:\/\/eurotender.hu\/wp-content\/uploads\/2015\/01\/ncalogo.jpg 500w\" sizes=\"auto, (max-width: 300px) 100vw, 300px\" \/><\/a><\/td>\r\n<td style=\"text-align: left;\">Projekt c\u00edme: <strong>Tan\u00e1csad\u00e1s k\u00f6z\u00e9piskol\u00e1sok \u00e9s fels\u0151oktat\u00e1sban hallgat\u00f3k r\u00e9sz\u00e9re a Fiatalok Lend\u00fcletben programr\u00f3l\r\n<\/strong>Projekt azonos\u00edt\u00f3 sz\u00e1ma: <strong>NCA-NK-09-D-0089\r\n<\/strong>Projekt k\u00f6lts\u00e9gvet\u00e9se: <strong>500.000 Ft\r\n<\/strong>Projektid\u0151szak:<strong> 2009.09.01.- 2010.02.28.<\/strong><\/td>\r\n<\/tr>\r\n<tr>\r\n<td><a href=\"https:\/\/eurotender.hu\/wp-content\/uploads\/2015\/01\/ncalogo.jpg\" rel=\"attachment wp-att-80\"><img loading=\"lazy\" decoding=\"async\" class=\"alignnone size-medium wp-image-80\" src=\"https:\/\/eurotender.hu\/wp-content\/uploads\/2015\/01\/ncalogo-300x126.jpg\" alt=\"ncalogo\" width=\"300\" height=\"126\" srcset=\"https:\/\/eurotender.hu\/wp-content\/uploads\/2015\/01\/ncalogo-300x126.jpg 300w, https:\/\/eurotender.hu\/wp-content\/uploads\/2015\/01\/ncalogo.jpg 500w\" sizes=\"auto, (max-width: 300px) 100vw, 300px\" \/><\/a><\/td>\r\n<td style=\"text-align: left;\">Projekt c\u00edme: <strong>Nemzetk\u00f6zi civil egy\u00fcttm\u0171k\u00f6d\u00e9s er\u0151s\u00edt\u00e9se\r\n<\/strong>Projekt azonos\u00edt\u00f3 sz\u00e1ma: <strong>NCA-NK-09-A-0247\r\n<\/strong>Projekt k\u00f6lts\u00e9gvet\u00e9se: <strong>400.000 Ft\r\n<\/strong>Projektid\u0151szak: <strong>2009.07.01.- 2010.01.15.<\/strong><\/td>\r\n<\/tr>\r\n<tr>\r\n<td>\u00a0<a href=\"https:\/\/eurotender.hu\/wp-content\/uploads\/2015\/01\/ncalogo.jpg\" rel=\"attachment wp-att-80\"><img loading=\"lazy\" decoding=\"async\" class=\"alignnone size-medium wp-image-80\" src=\"https:\/\/eurotender.hu\/wp-content\/uploads\/2015\/01\/ncalogo-300x126.jpg\" alt=\"ncalogo\" width=\"300\" height=\"126\" srcset=\"https:\/\/eurotender.hu\/wp-content\/uploads\/2015\/01\/ncalogo-300x126.jpg 300w, https:\/\/eurotender.hu\/wp-content\/uploads\/2015\/01\/ncalogo.jpg 500w\" sizes=\"auto, (max-width: 300px) 100vw, 300px\" \/><\/a><\/td>\r\n<td style=\"text-align: left;\">Projekt c\u00edme:<strong> M\u0171k\u00f6d\u00e9si t\u00e1mogat\u00e1s\r\n<\/strong>Projekt azonos\u00edt\u00f3 sz\u00e1ma: <strong>NCA-DA-09-0437\r\n<\/strong>Projekt k\u00f6lts\u00e9gvet\u00e9se: <strong>100.000 Ft\r\n<\/strong>Projektid\u0151szak: <strong>2009.06.01.- 2010.05.31.<\/strong><\/td>\r\n<\/tr>\r\n<tr>\r\n<td>\u00a0<a href=\"https:\/\/eurotender.hu\/wp-content\/uploads\/2015\/01\/ncalogo.jpg\" rel=\"attachment wp-att-80\"><img loading=\"lazy\" decoding=\"async\" class=\"alignnone size-medium wp-image-80\" src=\"https:\/\/eurotender.hu\/wp-content\/uploads\/2015\/01\/ncalogo-300x126.jpg\" alt=\"ncalogo\" width=\"300\" height=\"126\" srcset=\"https:\/\/eurotender.hu\/wp-content\/uploads\/2015\/01\/ncalogo-300x126.jpg 300w, https:\/\/eurotender.hu\/wp-content\/uploads\/2015\/01\/ncalogo.jpg 500w\" sizes=\"auto, (max-width: 300px) 100vw, 300px\" \/><\/a><\/td>\r\n<td style=\"text-align: left;\">Projekt c\u00edme:<strong> M\u0171k\u00f6d\u00e9si t\u00e1mogat\u00e1s\r\n<\/strong>Projekt azonos\u00edt\u00f3 sz\u00e1ma: <strong>NCA-DA-08-0294\r\n<\/strong>Projekt k\u00f6lts\u00e9gvet\u00e9se: <strong>100.000 Ft\r\n<\/strong>Projektid\u0151szak: <strong>2008.06.01.- 2009.05.31.<\/strong><\/td>\r\n<\/tr>\r\n<tr>\r\n<td>\u00a0<a href=\"https:\/\/eurotender.hu\/wp-content\/uploads\/2015\/01\/ncalogo.jpg\" rel=\"attachment wp-att-80\"><img loading=\"lazy\" decoding=\"async\" class=\"alignnone size-medium wp-image-80\" src=\"https:\/\/eurotender.hu\/wp-content\/uploads\/2015\/01\/ncalogo-300x126.jpg\" alt=\"ncalogo\" width=\"300\" height=\"126\" srcset=\"https:\/\/eurotender.hu\/wp-content\/uploads\/2015\/01\/ncalogo-300x126.jpg 300w, https:\/\/eurotender.hu\/wp-content\/uploads\/2015\/01\/ncalogo.jpg 500w\" sizes=\"auto, (max-width: 300px) 100vw, 300px\" \/><\/a><\/td>\r\n<td style=\"text-align: left;\">Projekt c\u00edme:<strong> M\u0171k\u00f6d\u00e9si t\u00e1mogat\u00e1s\r\n<\/strong>Projekt azonos\u00edt\u00f3 sz\u00e1ma: <strong>NCA-DA-07-P-1325\r\n<\/strong>Projekt k\u00f6lts\u00e9gvet\u00e9se: <strong>100.000 Ft\r\n<\/strong>Projektid\u0151szak: <strong>2007.06.01.- 2008.05.31.<\/strong><\/td>\r\n<\/tr>\r\n<\/tbody>\r\n<\/table>","protected":false},"excerpt":{"rendered":"<p>P\u00e1ly\u00e1z\u00f3 neve: D\u00e9l-alf\u00f6ldi Eurotender, Ifj\u00fas\u00e1gi, Kultur\u00e1lis, Oktat\u00e1si \u00e9s K\u00f6rnyezetv\u00e9delmi Egyes\u00fclet Projekt c\u00edme: &#8222;T\u00c9RL\u00c1T\u00c1S&#8221; &#8211; az els\u0151 t\u00f6bbfunkci\u00f3s k\u00f6z\u00f6ss\u00e9gi iroda \u00e9s rendezv\u00e9nyt\u00e9r l\u00e9trehoz\u00e1sa Szegeden Szerz\u0151d\u00e9s sz\u00e1ma: GINOP-5.1.3-16-2017-00128 T\u00e1mogat\u00e1s \u00f6sszege (Ft): 49 795 240 \u00d6sszk\u00f6lts\u00e9g (Ft): 51 095\u00a0240 T\u00e1mogat\u00e1s intenzit\u00e1sa: 97,46 % A projekt megval\u00f3s\u00edt\u00e1s\u00e1nak kezdete: 2018.05.01. A projekt\u00a0t\u00e9nyleges\u00a0befejez\u00e9s\u00e9nek d\u00e1tuma: 2020.07.29. A projekt tartalm\u00e1nak bemutat\u00e1sa:\u00a0 Programunk, hogy [&hellip;]<\/p>\n","protected":false},"author":1,"featured_media":0,"parent":0,"menu_order":0,"comment_status":"closed","ping_status":"open","template":"","meta":{"footnotes":""},"class_list":["post-19","page","type-page","status-publish","hentry"],"_links":{"self":[{"href":"https:\/\/eurotender.hu\/index.php?rest_route=\/wp\/v2\/pages\/19","targetHints":{"allow":["GET"]}}],"collection":[{"href":"https:\/\/eurotender.hu\/index.php?rest_route=\/wp\/v2\/pages"}],"about":[{"href":"https:\/\/eurotender.hu\/index.php?rest_route=\/wp\/v2\/types\/page"}],"author":[{"embeddable":true,"href":"https:\/\/eurotender.hu\/index.php?rest_route=\/wp\/v2\/users\/1"}],"replies":[{"embeddable":true,"href":"https:\/\/eurotender.hu\/index.php?rest_route=%2Fwp%2Fv2%2Fcomments&post=19"}],"version-history":[{"count":163,"href":"https:\/\/eurotender.hu\/index.php?rest_route=\/wp\/v2\/pages\/19\/revisions"}],"predecessor-version":[{"id":293,"href":"https:\/\/eurotender.hu\/index.php?rest_route=\/wp\/v2\/pages\/19\/revisions\/293"}],"wp:attachment":[{"href":"https:\/\/eurotender.hu\/index.php?rest_route=%2Fwp%2Fv2%2Fmedia&parent=19"}],"curies":[{"name":"wp","href":"https:\/\/api.w.org\/{rel}","templated":true}]}}